{"id":1203,"date":"2023-12-03T20:13:27","date_gmt":"2023-12-03T20:13:27","guid":{"rendered":"https:\/\/fundacion.bienaldecuenca.org\/?post_type=project&#038;p=1203"},"modified":"2023-12-07T16:36:18","modified_gmt":"2023-12-07T16:36:18","slug":"leo-moyano","status":"publish","type":"project","link":"https:\/\/fundacion.bienaldecuenca.org\/index.php\/project\/leo-moyano\/","title":{"rendered":"Leo Moyano"},"content":{"rendered":"<p>[et_pb_section fb_built=&#8221;1&#8243; _builder_version=&#8221;4.19.5&#8243; _module_preset=&#8221;default&#8221; hover_enabled=&#8221;0&#8243; global_colors_info=&#8221;{}&#8221; sticky_enabled=&#8221;0&#8243;][et_pb_row _builder_version=&#8221;4.19.5&#8243; _module_preset=&#8221;default&#8221; hover_enabled=&#8221;0&#8243; global_colors_info=&#8221;{}&#8221; sticky_enabled=&#8221;0&#8243;][et_pb_column type=&#8221;4_4&#8243; _builder_version=&#8221;4.19.5&#8243; _module_preset=&#8221;default&#8221; global_colors_info=&#8221;{}&#8221;][et_pb_text _builder_version=&#8221;4.19.5&#8243; _module_preset=&#8221;default&#8221; global_colors_info=&#8221;{}&#8221;]<\/p>\n<h2><\/h2>\n<h2>Leo Moyano (Ecuador, 1991)<\/h2>\n<p style=\"text-align: justify;\"><b><\/b><\/p>\n<p style=\"text-align: justify;\"><b><\/b><\/p>\n<p style=\"text-align: justify;\"><b>Sobre el artista<\/b><\/p>\n<p><span style=\"font-weight: 400;\">El artista ecuatoriano Leo Moyano reside y trabaja en Guayaquil. Se form\u00f3 en el\u00a0 Instituto Superior Tecnol\u00f3gico de Artes del Ecuador (ITAE) y obtuvo su licenciatura en artes en la Universidad de las Artes de Guayaquil. Su obra ha sido exhibida en diversas exposiciones en Ecuador, Colombia, Per\u00fa, EE. UU., Chile, entre otros pa\u00edses. Destacado ganador de la beca <\/span><i><span style=\"font-weight: 400;\">On Residence<\/span><\/i><span style=\"font-weight: 400;\"> online Artus \/ Tropical Papers. En 2019, recibi\u00f3 el <\/span><i><span style=\"font-weight: 400;\">Premio de la Colecci\u00f3n Ca.Sa<\/span><\/i><span style=\"font-weight: 400;\"> al incentivo de producci\u00f3n de artistas emergentes en ArtLima.\u00a0<\/span><\/p>\n<p><span style=\"font-weight: 400;\">Su pr\u00e1ctica art\u00edstica explora las relaciones entre espacio, tiempo y archivo desde la documentaci\u00f3n de ruinas y sucesos en lugares deshabitados. Su propuesta busca armon\u00eda y la creaci\u00f3n de<\/span><i><span style=\"font-weight: 400;\"> no lugares<\/span><\/i><span style=\"font-weight: 400;\"> mediante la deconstrucci\u00f3n de componentes extra\u00eddos de diversos campos. Centrado en arqueolog\u00eda urbana y rural, utiliza lugares degradados para indagar en la creaci\u00f3n e identidad del territorio, explorando l\u00edmites imaginarios y divisionistas. A trav\u00e9s de la pintura, propone una reconstrucci\u00f3n espacial fuera del convencionalismo, invitando al espectador a participar. Adem\u00e1s, desvela espacios de conflicto explorados de forma presencial y desde el archivo para plantear la reinterpretaci\u00f3n y planteamiento de nuevas realidades, as\u00ed como a la generaci\u00f3n de pensamientos que se sit\u00faan en la interdisciplinariedad, hallando su manifestaci\u00f3n en el \u00e1mbito art\u00edstico<\/span><\/p>\n<p><b>Lenguajes art\u00edsticos: <\/b><span style=\"font-weight: 400;\">Pintura<\/span><\/p>\n<p>&nbsp;<\/p>\n<p><b>Ejes tem\u00e1ticos y contexto de producci\u00f3n de la obra:<\/b><span style=\"font-weight: 400;\"> Documentaci\u00f3n de ruinas y sucesos en lugares deshabitados, pol\u00edtica.<\/span><\/p>\n<p><span style=\"font-weight: 400;\">Moyano se enfoca en lugares existentes que han sido indirectamente ignorados o degradados, se sumerge en teor\u00edas pol\u00edticas de derecha o izquierda, revitalizando conceptos caducos de manera abstracta para destacar su transitoriedad. A pesar de din\u00e1micas separatistas en entornos espec\u00edficos, su discurso, basado en la universalidad de la simbolog\u00eda del color y los comportamientos sociales, se mantiene al margen del deterioro social como una constante global.<\/span><\/p>\n<p>&nbsp;<\/p>\n<p><b>Proceso de producci\u00f3n\u00a0<\/b><\/p>\n<p><span style=\"font-weight: 400;\">La investigaci\u00f3n actual de Leo Moyano se centra en interrogantes sobre la creaci\u00f3n e identidad del territorio, sus usos y los derechos de sus habitantes. Explora c\u00f3mo fragmentos territoriales se convierten en pa\u00edses o fronteras, consolid\u00e1ndose como estados-naci\u00f3n. Su obra evidencia l\u00edmites imaginarios, provocando conflictos en paisajes a trav\u00e9s de acciones divisionistas tanto dentro como fuera de la obra. Moyano aborda la pintura desde distintos formatos, convirti\u00e9ndola en un objeto con sus propios territorios y recorridos, invitando al espectador a participar en la reconstrucci\u00f3n, composici\u00f3n e irrupci\u00f3n espacial. Su enfoque busca destacar la objetividad de la pintura, marcando conductas desde conceptos te\u00f3ricos y metodol\u00f3gicos, explorando espacios de conflicto mediante una investigaci\u00f3n presencial y de archivo. Este acercamiento a la realidad lleva a la reinterpretaci\u00f3n y planteamiento de nuevas realidades, ancladas en lo interdisciplinario pero materializadas en el \u00e1mbito del arte.<\/span><\/p>\n<p><span style=\"font-weight: 400;\"><\/span><\/p>\n<p><b>Pregunta<\/b><\/p>\n<p><span style=\"font-weight: 400;\">\u00bfQui\u00e9n y para qui\u00e9n est\u00e1 construido un espacio\/lugar?<br \/><\/span><span style=\"font-weight: 400;\">Pregunta complemento<br \/><\/span><span style=\"font-weight: 400;\">Existe inclusividad en el urbanismo de las ciudad de Cuenca?\u00a0<\/span><\/p>\n<p><span style=\"font-weight: 400;\"><\/span><\/p>\n<p><span style=\"font-weight: 400;\"><b>Din\u00e1mica<\/b><\/span><\/p>\n<p><span style=\"font-weight: 400;\">En un cuadrado con cita arma tu espacio, habitalo a tu manera, pon tu m\u00fasica, baila, canta, pon tus objetos. Recorre los l\u00edmites de otras personas y mira las semejanzas diferencias a las de tu espacio personal. <\/span><\/p>\n<p>&nbsp;<\/p>\n<p>[\/et_pb_text][\/et_pb_column][\/et_pb_row][\/et_pb_section]<\/p>\n","protected":false},"excerpt":{"rendered":"<p>Leo Moyano (Ecuador, 1991) Sobre el artista El artista ecuatoriano Leo Moyano reside y trabaja en Guayaquil. Se form\u00f3 en el\u00a0 Instituto Superior Tecnol\u00f3gico de Artes del Ecuador (ITAE) y obtuvo su licenciatura en artes en la Universidad de las Artes de Guayaquil. Su obra ha sido exhibida en diversas exposiciones en Ecuador, Colombia, Per\u00fa, [&hellip;]<\/p>\n","protected":false},"author":1,"featured_media":1291,"comment_status":"open","ping_status":"closed","template":"","meta":{"_et_pb_use_builder":"on","_et_pb_old_content":"","_et_gb_content_width":"","om_disable_all_campaigns":false,"_monsterinsights_skip_tracking":false,"_monsterinsights_sitenote_active":false,"_monsterinsights_sitenote_note":"","_monsterinsights_sitenote_category":0,"footnotes":""},"project_category":[24],"project_tag":[],"class_list":["post-1203","project","type-project","status-publish","has-post-thumbnail","hentry","project_category-artistas-xvi"],"_links":{"self":[{"href":"https:\/\/fundacion.bienaldecuenca.org\/index.php\/wp-json\/wp\/v2\/project\/1203","targetHints":{"allow":["GET"]}}],"collection":[{"href":"https:\/\/fundacion.bienaldecuenca.org\/index.php\/wp-json\/wp\/v2\/project"}],"about":[{"href":"https:\/\/fundacion.bienaldecuenca.org\/index.php\/wp-json\/wp\/v2\/types\/project"}],"author":[{"embeddable":true,"href":"https:\/\/fundacion.bienaldecuenca.org\/index.php\/wp-json\/wp\/v2\/users\/1"}],"replies":[{"embeddable":true,"href":"https:\/\/fundacion.bienaldecuenca.org\/index.php\/wp-json\/wp\/v2\/comments?post=1203"}],"version-history":[{"count":5,"href":"https:\/\/fundacion.bienaldecuenca.org\/index.php\/wp-json\/wp\/v2\/project\/1203\/revisions"}],"predecessor-version":[{"id":1340,"href":"https:\/\/fundacion.bienaldecuenca.org\/index.php\/wp-json\/wp\/v2\/project\/1203\/revisions\/1340"}],"wp:featuredmedia":[{"embeddable":true,"href":"https:\/\/fundacion.bienaldecuenca.org\/index.php\/wp-json\/wp\/v2\/media\/1291"}],"wp:attachment":[{"href":"https:\/\/fundacion.bienaldecuenca.org\/index.php\/wp-json\/wp\/v2\/media?parent=1203"}],"wp:term":[{"taxonomy":"project_category","embeddable":true,"href":"https:\/\/fundacion.bienaldecuenca.org\/index.php\/wp-json\/wp\/v2\/project_category?post=1203"},{"taxonomy":"project_tag","embeddable":true,"href":"https:\/\/fundacion.bienaldecuenca.org\/index.php\/wp-json\/wp\/v2\/project_tag?post=1203"}],"curies":[{"name":"wp","href":"https:\/\/api.w.org\/{rel}","templated":true}]}}